{"id":356,"date":"2018-11-29T17:04:09","date_gmt":"2018-11-29T16:04:09","guid":{"rendered":"https:\/\/www.feuerwehr-burgau.de\/wordpress\/?page_id=356"},"modified":"2024-10-02T13:31:35","modified_gmt":"2024-10-02T11:31:35","slug":"tankkraftspritzenfahrzeug","status":"publish","type":"page","link":"https:\/\/www.feuerwehr-burgau.de\/index.php\/ausruestung\/fahrzeuge\/tankkraftspritzenfahrzeug\/","title":{"rendered":"Tragkraftspritzenfahrzeug"},"content":{"rendered":"<div id=\"metaslider-id-4453\" style=\"width: 100%; margin: 0 auto;\" class=\"ml-slider-3-108-0 metaslider metaslider-flex metaslider-4453 ml-slider has-dots-nav ms-theme-default\" role=\"region\" aria-label=\"Gro\u00dfanhausen 2\/44\/1\" data-height=\"400\" data-width=\"700\">\n    <div id=\"metaslider_container_4453\">\n        <div id=\"metaslider_4453\">\n            <ul class='slides'>\n                <li style=\"display: block; width: 100%;\" class=\"slide-4454 ms-image \" aria-roledescription=\"slide\" data-date=\"2024-10-02 13:30:28\" data-filename=\"IMG_20200409_115427-scaled.jpg\" data-slide-type=\"image\"><img loading=\"lazy\" decoding=\"async\" width=\"2560\" height=\"1920\" src=\"https:\/\/www.feuerwehr-burgau.de\/wp-content\/uploads\/2020\/05\/IMG_20200409_115427-scaled.jpg\" class=\"slider-4453 slide-4454 msDefaultImage\" alt=\"\" rel=\"\" title=\"IMG_20200409_115427\" srcset=\"https:\/\/www.feuerwehr-burgau.de\/wp-content\/uploads\/2020\/05\/IMG_20200409_115427-scaled.jpg 2560w, https:\/\/www.feuerwehr-burgau.de\/wp-content\/uploads\/2020\/05\/IMG_20200409_115427-300x225.jpg 300w, https:\/\/www.feuerwehr-burgau.de\/wp-content\/uploads\/2020\/05\/IMG_20200409_115427-1024x768.jpg 1024w, https:\/\/www.feuerwehr-burgau.de\/wp-content\/uploads\/2020\/05\/IMG_20200409_115427-768x576.jpg 768w, https:\/\/www.feuerwehr-burgau.de\/wp-content\/uploads\/2020\/05\/IMG_20200409_115427-1536x1152.jpg 1536w, https:\/\/www.feuerwehr-burgau.de\/wp-content\/uploads\/2020\/05\/IMG_20200409_115427-2048x1536.jpg 2048w\" sizes=\"auto, (max-width: 2560px) 100vw, 2560px\" \/><\/li>\n                <li style=\"display: none; width: 100%;\" class=\"slide-4455 ms-image \" aria-roledescription=\"slide\" data-date=\"2024-10-02 13:30:29\" data-filename=\"IMG_20200409_115543-scaled.jpg\" data-slide-type=\"image\"><img loading=\"lazy\" decoding=\"async\" width=\"2560\" height=\"1920\" src=\"https:\/\/www.feuerwehr-burgau.de\/wp-content\/uploads\/2020\/05\/IMG_20200409_115543-scaled.jpg\" class=\"slider-4453 slide-4455 msDefaultImage\" alt=\"\" rel=\"\" title=\"IMG_20200409_115543\" srcset=\"https:\/\/www.feuerwehr-burgau.de\/wp-content\/uploads\/2020\/05\/IMG_20200409_115543-scaled.jpg 2560w, https:\/\/www.feuerwehr-burgau.de\/wp-content\/uploads\/2020\/05\/IMG_20200409_115543-300x225.jpg 300w, https:\/\/www.feuerwehr-burgau.de\/wp-content\/uploads\/2020\/05\/IMG_20200409_115543-1024x768.jpg 1024w, https:\/\/www.feuerwehr-burgau.de\/wp-content\/uploads\/2020\/05\/IMG_20200409_115543-768x576.jpg 768w, https:\/\/www.feuerwehr-burgau.de\/wp-content\/uploads\/2020\/05\/IMG_20200409_115543-1536x1152.jpg 1536w, https:\/\/www.feuerwehr-burgau.de\/wp-content\/uploads\/2020\/05\/IMG_20200409_115543-2048x1536.jpg 2048w\" sizes=\"auto, (max-width: 2560px) 100vw, 2560px\" \/><\/li>\n            <\/ul>\n        <\/div>\n        \n    <\/div>\n<\/div>\n\n\n\n<span id=\"tablepress-38-description\" class=\"tablepress-table-description tablepress-table-description-id-38\">Das TSF ist bei der L\u00f6schgruppe Gro\u00dfanhausen stationiert und wird zu diversen Unterst\u00fctzungeins\u00e4tzen alarmiert. Das Fahrzeug wurde 2015 gebraucht gekauft, \u00fcberarbeitet und versieht seither in Gro\u00dfanhausen seinen Dienst.<\/span>\n\n<table id=\"tablepress-38\" class=\"tablepress tablepress-id-38\" aria-describedby=\"tablepress-38-description\">\n<tbody>\n<tr class=\"row-1\">\n\t<td class=\"column-1\">Funkrufname<\/td><td class=\"column-2\">Florian Burgau 2\/44\/1<\/td>\n<\/tr>\n<tr class=\"row-2\">\n\t<td class=\"column-1\">Abk\u00fcrzung<\/td><td class=\"column-2\">TSF<\/td>\n<\/tr>\n<tr class=\"row-3\">\n\t<td class=\"column-1\">Baujahr<\/td><td class=\"column-2\">2000<\/td>\n<\/tr>\n<tr class=\"row-4\">\n\t<td class=\"column-1\">Besatzung<\/td><td class=\"column-2\">1\/5<\/td>\n<\/tr>\n<tr class=\"row-5\">\n\t<td class=\"column-1\">Fahrgestell<\/td><td class=\"column-2\">Mercedes<\/td>\n<\/tr>\n<tr class=\"row-6\">\n\t<td class=\"column-1\">Aufbau\/Ausbau<\/td><td class=\"column-2\">Balthasar Nusser GmbH<\/td>\n<\/tr>\n<tr class=\"row-7\">\n\t<td class=\"column-1\">Beladung\/Spezifikationen<\/td><td class=\"column-2\">2x HRT-Funkger\u00e4te<br \/>\n1x MRT-Funkger\u00e4t<br \/>\nA-Saugschl\u00e4uche<br \/>\nB-Druckschl\u00e4uche<br \/>\nC-Druckschl\u00e4uche<br \/>\nKreiselpumpe<br \/>\nAtemschutzger\u00e4te<br \/>\nSteckleiter<br \/>\nSichtschutzwand<br \/>\nzus\u00e4tzliche Leitkegel<br \/>\n<\/td>\n<\/tr>\n<\/tbody>\n<\/table>\n<!-- #tablepress-38 from cache -->\n\n\n\n<p><\/p>\n","protected":false},"excerpt":{"rendered":"","protected":false},"author":2,"featured_media":0,"parent":36,"menu_order":0,"comment_status":"closed","ping_status":"closed","template":"","meta":{"colormag_page_container_layout":"no_sidebar_full_width","colormag_page_sidebar_layout":"right_sidebar","footnotes":""},"class_list":["post-356","page","type-page","status-publish","hentry"],"_links":{"self":[{"href":"https:\/\/www.feuerwehr-burgau.de\/index.php\/wp-json\/wp\/v2\/pages\/356","targetHints":{"allow":["GET"]}}],"collection":[{"href":"https:\/\/www.feuerwehr-burgau.de\/index.php\/wp-json\/wp\/v2\/pages"}],"about":[{"href":"https:\/\/www.feuerwehr-burgau.de\/index.php\/wp-json\/wp\/v2\/types\/page"}],"author":[{"embeddable":true,"href":"https:\/\/www.feuerwehr-burgau.de\/index.php\/wp-json\/wp\/v2\/users\/2"}],"replies":[{"embeddable":true,"href":"https:\/\/www.feuerwehr-burgau.de\/index.php\/wp-json\/wp\/v2\/comments?post=356"}],"version-history":[{"count":7,"href":"https:\/\/www.feuerwehr-burgau.de\/index.php\/wp-json\/wp\/v2\/pages\/356\/revisions"}],"predecessor-version":[{"id":4457,"href":"https:\/\/www.feuerwehr-burgau.de\/index.php\/wp-json\/wp\/v2\/pages\/356\/revisions\/4457"}],"up":[{"embeddable":true,"href":"https:\/\/www.feuerwehr-burgau.de\/index.php\/wp-json\/wp\/v2\/pages\/36"}],"wp:attachment":[{"href":"https:\/\/www.feuerwehr-burgau.de\/index.php\/wp-json\/wp\/v2\/media?parent=356"}],"curies":[{"name":"wp","href":"https:\/\/api.w.org\/{rel}","templated":true}]}}