{"id":344,"date":"2018-11-29T17:01:38","date_gmt":"2018-11-29T16:01:38","guid":{"rendered":"https:\/\/www.feuerwehr-burgau.de\/wordpress\/?page_id=344"},"modified":"2024-10-04T10:49:03","modified_gmt":"2024-10-04T08:49:03","slug":"mannschaftstransportwagen","status":"publish","type":"page","link":"https:\/\/www.feuerwehr-burgau.de\/index.php\/ausruestung\/fahrzeuge\/mannschaftstransportwagen\/","title":{"rendered":"Mannschaftstransportwagen"},"content":{"rendered":"<div id=\"metaslider-id-4549\" style=\"width: 100%; margin: 0 auto;\" class=\"ml-slider-3-108-0 metaslider metaslider-flex metaslider-4549 ml-slider has-dots-nav ms-theme-default\" role=\"region\" aria-label=\"MTW 1\/14\/1\" data-height=\"400\" data-width=\"700\">\n    <div id=\"metaslider_container_4549\">\n        <div id=\"metaslider_4549\">\n            <ul class='slides'>\n                <li style=\"display: block; width: 100%;\" class=\"slide-4550 ms-image \" aria-roledescription=\"slide\" data-date=\"2024-10-04 10:46:33\" data-filename=\"IMG_4601-e1545845543381.jpg\" data-slide-type=\"image\"><img loading=\"lazy\" decoding=\"async\" width=\"2000\" height=\"1669\" src=\"https:\/\/www.feuerwehr-burgau.de\/wp-content\/uploads\/2018\/11\/IMG_4601-e1545845543381.jpg\" class=\"slider-4549 slide-4550 msDefaultImage\" alt=\"\" rel=\"\" title=\"IMG_4601\" style=\"margin: 0 auto; width: 68.475562783532%\" \/><\/li>\n                <li style=\"display: none; width: 100%;\" class=\"slide-4551 ms-image \" aria-roledescription=\"slide\" data-date=\"2024-10-04 10:46:34\" data-filename=\"IMG_4607-e1545847356819.jpg\" data-slide-type=\"image\"><img loading=\"lazy\" decoding=\"async\" width=\"2000\" height=\"1356\" src=\"https:\/\/www.feuerwehr-burgau.de\/wp-content\/uploads\/2018\/11\/IMG_4607-e1545847356819.jpg\" class=\"slider-4549 slide-4551 msDefaultImage\" alt=\"\" rel=\"\" title=\"IMG_4607\" style=\"margin: 0 auto; width: 84.281500210704%\" \/><\/li>\n            <\/ul>\n        <\/div>\n        \n    <\/div>\n<\/div>\n\n\n<span id=\"tablepress-5-description\" class=\"tablepress-table-description tablepress-table-description-id-5\">Der Mannschaftstransportwagen dient zum Transport von zus\u00e4tzlichem Personal an die Einsatzstelle. Au\u00dferdem wird er f\u00fcr Fahrten zu Lehrg\u00e4ngen, zu den Atemschutz-Belastungs\u00fcbungen oder f\u00fcr einfache Transportaufgaben durch den Ger\u00e4tewart verwendet.<\/span>\n\n<table id=\"tablepress-5\" class=\"tablepress tablepress-id-5\" aria-describedby=\"tablepress-5-description\">\n<tbody>\n<tr class=\"row-1\">\n\t<td class=\"column-1\">Funkrufname<\/td><td class=\"column-2\">Florian Burgau 1\/14\/1<\/td>\n<\/tr>\n<tr class=\"row-2\">\n\t<td class=\"column-1\">Abk\u00fcrzung<\/td><td class=\"column-2\">MTW<\/td>\n<\/tr>\n<tr class=\"row-3\">\n\t<td class=\"column-1\">Baujahr<\/td><td class=\"column-2\">2017<\/td>\n<\/tr>\n<tr class=\"row-4\">\n\t<td class=\"column-1\">Besatzung<\/td><td class=\"column-2\">1\/7<\/td>\n<\/tr>\n<tr class=\"row-5\">\n\t<td class=\"column-1\">Fahrgestell<\/td><td class=\"column-2\">Peugot Boxer 130 PS<\/td>\n<\/tr>\n<tr class=\"row-6\">\n\t<td class=\"column-1\">Aufbau\/Ausbau<\/td><td class=\"column-2\">SFS-Saar<\/td>\n<\/tr>\n<\/tbody>\n<\/table>\n<!-- #tablepress-5 from cache -->","protected":false},"excerpt":{"rendered":"","protected":false},"author":2,"featured_media":0,"parent":36,"menu_order":0,"comment_status":"closed","ping_status":"closed","template":"","meta":{"colormag_page_container_layout":"no_sidebar_full_width","colormag_page_sidebar_layout":"right_sidebar","footnotes":""},"class_list":["post-344","page","type-page","status-publish","hentry"],"_links":{"self":[{"href":"https:\/\/www.feuerwehr-burgau.de\/index.php\/wp-json\/wp\/v2\/pages\/344","targetHints":{"allow":["GET"]}}],"collection":[{"href":"https:\/\/www.feuerwehr-burgau.de\/index.php\/wp-json\/wp\/v2\/pages"}],"about":[{"href":"https:\/\/www.feuerwehr-burgau.de\/index.php\/wp-json\/wp\/v2\/types\/page"}],"author":[{"embeddable":true,"href":"https:\/\/www.feuerwehr-burgau.de\/index.php\/wp-json\/wp\/v2\/users\/2"}],"replies":[{"embeddable":true,"href":"https:\/\/www.feuerwehr-burgau.de\/index.php\/wp-json\/wp\/v2\/comments?post=344"}],"version-history":[{"count":3,"href":"https:\/\/www.feuerwehr-burgau.de\/index.php\/wp-json\/wp\/v2\/pages\/344\/revisions"}],"predecessor-version":[{"id":4553,"href":"https:\/\/www.feuerwehr-burgau.de\/index.php\/wp-json\/wp\/v2\/pages\/344\/revisions\/4553"}],"up":[{"embeddable":true,"href":"https:\/\/www.feuerwehr-burgau.de\/index.php\/wp-json\/wp\/v2\/pages\/36"}],"wp:attachment":[{"href":"https:\/\/www.feuerwehr-burgau.de\/index.php\/wp-json\/wp\/v2\/media?parent=344"}],"curies":[{"name":"wp","href":"https:\/\/api.w.org\/{rel}","templated":true}]}}